{"id":6538,"date":"2026-08-30T10:18:14","date_gmt":"2026-08-30T10:18:14","guid":{"rendered":"https:\/\/hommage-institut.de\/psychologischepraxis\/?page_id=6538"},"modified":"2026-09-03T13:19:22","modified_gmt":"2026-09-03T13:19:22","slug":"veranstaltungen_hommage-institut","status":"publish","type":"page","link":"https:\/\/hommage-institut.de\/psychologischepraxis\/veranstaltungen_hommage-institut","title":{"rendered":"Veranstaltungen-Hommage_Institut"},"content":{"rendered":"<p>[et_pb_section fb_built=&#8220;1&#8243; admin_label=&#8220;Hero Section&#8220; _builder_version=&#8220;4.27.8&#8243; background_enable_image=&#8220;off&#8220; custom_padding=&#8220;13.7%||0%|||&#8220; box_shadow_style=&#8220;preset1&#8243; global_colors_info=&#8220;{}&#8220;][et_pb_row _builder_version=&#8220;4.27.8&#8243; _module_preset=&#8220;default&#8220; custom_margin=&#8220;-90px||||false|false&#8220; global_colors_info=&#8220;{}&#8220;][et_pb_column type=&#8220;4_4&#8243; _builder_version=&#8220;4.27.8&#8243; _module_preset=&#8220;default&#8220; global_colors_info=&#8220;{}&#8220;][et_pb_image src=&#8220;https:\/\/hommage-institut.de\/wp-content\/uploads\/2026\/08\/Hommage-Logo-1024&#215;576.png&#8220; alt=&#8220;Logo Hommage-Institut&#8220; title_text=&#8220;Hommage Logo&#8220; _builder_version=&#8220;4.27.8&#8243; _module_preset=&#8220;default&#8220; custom_margin=&#8220;-150px||||false|false&#8220; global_colors_info=&#8220;{}&#8220;][\/et_pb_image][et_pb_text _builder_version=&#8220;4.27.8&#8243; _module_preset=&#8220;default&#8220; header_font=&#8220;|300|||||||&#8220; header_text_align=&#8220;center&#8220; header_text_color=&#8220;#00457A&#8220; header_font_size=&#8220;22px&#8220; header_letter_spacing=&#8220;1px&#8220; header_line_height=&#8220;1.4em&#8220; width=&#8220;100%&#8220; max_width=&#8220;100%&#8220; custom_margin=&#8220;-40px||||false|false&#8220; global_colors_info=&#8220;{}&#8220;]<\/p>\n<h1>Psychologische Praxis \u00b7 Systemische Familientherapie \u00b7 Traumasensible K\u00f6rpertherapie \u00a0Paartherapie \u00b7 Selbsterfahrungsgruppen \u00b7 Aus-und-Weiterbildungen<\/h1>\n<p>[\/et_pb_text][\/et_pb_column][\/et_pb_row][\/et_pb_section][et_pb_section fb_built=&#8220;1&#8243; admin_label=&#8220;Section&#8220; _builder_version=&#8220;4.27.8&#8243; _module_preset=&#8220;default&#8220; global_colors_info=&#8220;{}&#8220;][et_pb_row admin_label=&#8220;Row&#8220; _builder_version=&#8220;4.27.8&#8243; _module_preset=&#8220;default&#8220; global_colors_info=&#8220;{}&#8220;][et_pb_column type=&#8220;4_4&#8243; _builder_version=&#8220;4.27.8&#8243; _module_preset=&#8220;default&#8220; global_colors_info=&#8220;{}&#8220;][et_pb_text _builder_version=&#8220;4.27.8&#8243; _module_preset=&#8220;default&#8220; text_font_size=&#8220;16px&#8220; header_3_text_color=&#8220;#00457A&#8220; header_3_font_size=&#8220;25px&#8220; global_colors_info=&#8220;{}&#8220;]<\/p>\n<h3 data-pm-slice=\"1 1 []\">Vortr\u00e4ge Workshops und mehr:<\/h3>\n<p>[\/et_pb_text][et_pb_divider color=&#8220;#00457A&#8220; divider_weight=&#8220;2px&#8220; _builder_version=&#8220;4.27.8&#8243; _module_preset=&#8220;default&#8220; width=&#8220;43%&#8220; custom_margin=&#8220;-25px||||false|false&#8220; global_colors_info=&#8220;{}&#8220;][\/et_pb_divider][et_pb_text _builder_version=&#8220;4.27.8&#8243; _module_preset=&#8220;default&#8220; text_font_size=&#8220;16px&#8220; global_colors_info=&#8220;{}&#8220;]Im Hommage-Institut gibt es ab jetzt regelm\u00e4\u00dfig Veranstaltungen rund um Gesundheit, Wohlbefinden und pers\u00f6nliche Entwicklung.<\/p>\n<p>Wir bieten Dir unterschiedliche Angebote: Vortr\u00e4ge, Workshops, Mitmach-Abende zum Zuh\u00f6ren, praktischen Ausprobieren und Erleben.<\/p>\n<p>Wer sind wir? <strong>Christoph M\u00fcller<\/strong> (systemischer Familientherapeut) und <strong>Dipali Bagga<\/strong> (K\u00f6rpertherapeutin) haben vor einigen Jahren das Hommage-Institut gegr\u00fcndet und leiten es gemeinsam. Neben spannenden Themen aus unserer Arbeit stellen auch immer wieder Gasttherapeut-\/innen und Referent- \/innen Highlights aus ihrer Arbeit vor.<\/p>\n<p>Wir laden dich herzlich ein, dabei zu sein. Komm vorbei, lerne uns und unsere Arbeit kennen, entdecke neue Impulse und nimm dir bewusst Zeit f\u00fcr dich. Zeit, etwas Neues auszuprobieren, dich mit Themen zu besch\u00e4ftigen, die dich bewegen, mit anderen Menschen in Kontakt zu kommen oder einfach etwas zu tun, das dir guttut.<\/p>\n<p><strong>Hier findest du alle kommenden Termine und Veranstaltungen.<\/strong><\/p>\n<p><strong>Ort: Hommage-Institut<\/strong><\/p>\n<p><strong>Kleine Wust 2<\/strong><\/p>\n<p><strong>67280 Quirnheim<\/strong><br \/>\n[\/et_pb_text][\/et_pb_column][\/et_pb_row][et_pb_row _builder_version=&#8220;4.27.8&#8243; _module_preset=&#8220;default&#8220; custom_margin=&#8220;60px||||false|false&#8220; global_colors_info=&#8220;{}&#8220;][et_pb_column type=&#8220;4_4&#8243; _builder_version=&#8220;4.27.8&#8243; _module_preset=&#8220;default&#8220; global_colors_info=&#8220;{}&#8220;][et_pb_text _builder_version=&#8220;4.27.8&#8243; _module_preset=&#8220;default&#8220; text_font_size=&#8220;16px&#8220; header_3_text_color=&#8220;#474747&#8243; header_3_font_size=&#8220;24px&#8220; text_orientation=&#8220;center&#8220; global_colors_info=&#8220;{}&#8220;]<\/p>\n<h3 style=\"text-align: left;\" data-pm-slice=\"1 1 []\">Veranstaltungen in September:<\/h3>\n<p>[\/et_pb_text][et_pb_divider color=&#8220;#00457A&#8220; divider_weight=&#8220;2px&#8220; _builder_version=&#8220;4.27.8&#8243; _module_preset=&#8220;default&#8220; width=&#8220;35%&#8220; custom_margin=&#8220;-20px||||false|false&#8220; global_colors_info=&#8220;{}&#8220;][\/et_pb_divider][\/et_pb_column][\/et_pb_row][et_pb_row column_structure=&#8220;1_4,3_4&#8243; _builder_version=&#8220;4.27.8&#8243; _module_preset=&#8220;default&#8220; global_colors_info=&#8220;{}&#8220;][et_pb_column type=&#8220;1_4&#8243; _builder_version=&#8220;4.27.8&#8243; _module_preset=&#8220;default&#8220; global_colors_info=&#8220;{}&#8220;][et_pb_image src=&#8220;https:\/\/hommage-institut.de\/wp-content\/uploads\/2026\/08\/Dipali_purple-dress-150&#215;150.jpg&#8220; title_text=&#8220;Dipali_purple dress&#8220; _builder_version=&#8220;4.27.8&#8243; _module_preset=&#8220;default&#8220; border_radii=&#8220;on|100px|100px|100px|100px&#8220; global_colors_info=&#8220;{}&#8220;][\/et_pb_image][\/et_pb_column][et_pb_column type=&#8220;3_4&#8243; _builder_version=&#8220;4.27.8&#8243; _module_preset=&#8220;default&#8220; global_colors_info=&#8220;{}&#8220;][et_pb_text _builder_version=&#8220;4.27.8&#8243; _module_preset=&#8220;default&#8220; text_font_size=&#8220;16px&#8220; text_line_height=&#8220;1.6em&#8220; header_3_text_color=&#8220;#00457A&#8220; global_colors_info=&#8220;{}&#8220;]<\/p>\n<p class=\"isSelectedEnd\"><strong>Dienstag, 08. September 2026 \u00b7 18:30 bis ca. 20:30 Uhr<\/strong><\/p>\n<h3>Selbstf\u00fcrsorge oder Selbstoptimierung<\/h3>\n<p>Wann wird Selbstf\u00fcrsorge zu einem weiteren Punkt auf unserer To do Liste? Und wann hilft sie uns wirklich, wahrzunehmen, was wir gerade brauchen? Ein Abend \u00fcber den feinen Unterschied zwischen Selbstf\u00fcrsorge und Selbstoptimierung.<\/p>\n<p class=\"isSelectedEnd\"><strong>Leitung:<\/strong> Dipali Bagga<br \/><strong>Deine Investition:<\/strong> auf Spendenbasis<\/p>\n<p><strong data-start=\"607\" data-end=\"643\">Eine Anmeldung ist erforderlich.<\/strong><br data-start=\"643\" data-end=\"646\" \/><strong data-start=\"649\" data-end=\"667\">Anmeldung bei:<\/strong> Dipali Bagga<br data-start=\"680\" data-end=\"683\" \/>E Mail:<span style=\"text-decoration: underline;\"><span style=\"color: #993366; text-decoration: underline;\"> <a class=\"decorated-link\" style=\"color: #993366; text-decoration: underline;\" href=\"mailto:info@dipali.de\" rel=\"noopener\" data-start=\"694\" data-end=\"708\" data-is-only-node=\"\">info@dipali.de<\/a> <\/span><\/span>\u00b7 Tel: <span style=\"text-decoration: underline;\"><span style=\"color: #993366;\"><a style=\"color: #993366; text-decoration: underline;\" href=\"tel:+4917680555220\">0176 8055220<\/a><\/span><\/span><\/p>\n<p>[\/et_pb_text][\/et_pb_column][\/et_pb_row][et_pb_row column_structure=&#8220;1_4,3_4&#8243; _builder_version=&#8220;4.27.8&#8243; _module_preset=&#8220;default&#8220; global_colors_info=&#8220;{}&#8220;][et_pb_column type=&#8220;1_4&#8243; _builder_version=&#8220;4.27.8&#8243; _module_preset=&#8220;default&#8220; global_colors_info=&#8220;{}&#8220;][et_pb_image src=&#8220;https:\/\/hommage-institut.de\/wp-content\/uploads\/2026\/08\/IMG_0721-150&#215;150.jpeg&#8220; alt=&#8220;Dipali Bagga profile in. sunset&#8220; title_text=&#8220;IMG_0721&#8243; _builder_version=&#8220;4.27.8&#8243; _module_preset=&#8220;default&#8220; border_radii=&#8220;on|100px|100px|100px|100px&#8220; global_colors_info=&#8220;{}&#8220;][\/et_pb_image][\/et_pb_column][et_pb_column type=&#8220;3_4&#8243; _builder_version=&#8220;4.27.8&#8243; _module_preset=&#8220;default&#8220; global_colors_info=&#8220;{}&#8220;][et_pb_text _builder_version=&#8220;4.27.8&#8243; _module_preset=&#8220;default&#8220; text_font_size=&#8220;16px&#8220; text_line_height=&#8220;1.6em&#8220; header_3_text_color=&#8220;#00457A&#8220; global_colors_info=&#8220;{}&#8220;]<\/p>\n<p class=\"isSelectedEnd\"><strong>Dienstag, 15. September 2026 \u00b7 18:30 bis ca. 20:30 Uhr<\/strong><\/p>\n<h3>Tanzen als Therapie und Selbsterfahrung<\/h3>\n<p>Bewegung ist Leben. In der Tanztherapie wird Bewegung zu einer M\u00f6glichkeit, sich selbst wahrzunehmen, auszudr\u00fccken und Neues zu entdecken. An diesem Abend lernst du Tanztherapie kennen und kannst sie vor allem ganz praktisch ausprobieren und erleben.<\/p>\n<p class=\"isSelectedEnd\"><strong>Leitung:<\/strong> Dipali Bagga<br \/><strong>Deine Investition:<\/strong> auf Spendenbasis<\/p>\n<p><strong data-start=\"607\" data-end=\"643\">Eine Anmeldung ist erforderlich.<\/strong><br data-start=\"643\" data-end=\"646\" \/><strong data-start=\"649\" data-end=\"667\">Anmeldung bei:<\/strong> Dipali Bagga<br data-start=\"680\" data-end=\"683\" \/>E Mail:<span style=\"text-decoration: underline;\"><span style=\"color: #993366; text-decoration: underline;\"> <a class=\"decorated-link\" style=\"color: #993366; text-decoration: underline;\" href=\"mailto:info@dipali.de\" rel=\"noopener\" data-start=\"694\" data-end=\"708\" data-is-only-node=\"\">info@dipali.de<\/a> <\/span><\/span>\u00b7 Tel: <span style=\"text-decoration: underline;\"><span style=\"color: #993366;\"><a style=\"color: #993366; text-decoration: underline;\" href=\"tel:+4917680555220\">0176 8055220<\/a><\/span><\/span><\/p>\n<p>[\/et_pb_text][\/et_pb_column][\/et_pb_row][et_pb_row column_structure=&#8220;1_4,3_4&#8243; _builder_version=&#8220;4.27.8&#8243; _module_preset=&#8220;default&#8220; global_colors_info=&#8220;{}&#8220;][et_pb_column type=&#8220;1_4&#8243; _builder_version=&#8220;4.27.8&#8243; _module_preset=&#8220;default&#8220; global_colors_info=&#8220;{}&#8220;][et_pb_image src=&#8220;https:\/\/hommage-institut.de\/wp-content\/uploads\/2026\/08\/Dipali-Bagga-Paper-Background-150&#215;150.png&#8220; alt=&#8220;Dipali Bagga&#8220; title_text=&#8220;Dipali Bagga Paper Background&#8220; _builder_version=&#8220;4.27.8&#8243; _module_preset=&#8220;default&#8220; border_radii=&#8220;on|100px|100px|100px|100px&#8220; global_colors_info=&#8220;{}&#8220;][\/et_pb_image][\/et_pb_column][et_pb_column type=&#8220;3_4&#8243; _builder_version=&#8220;4.27.8&#8243; _module_preset=&#8220;default&#8220; global_colors_info=&#8220;{}&#8220;][et_pb_text _builder_version=&#8220;4.27.8&#8243; _module_preset=&#8220;default&#8220; text_font_size=&#8220;16px&#8220; text_line_height=&#8220;1.6em&#8220; header_3_text_color=&#8220;#00457A&#8220; global_colors_info=&#8220;{}&#8220;]<\/p>\n<p class=\"isSelectedEnd\"><strong>Samstag, 19. September 2026 \u00b7 10.00 &#8211; 13.00 Uhr<\/strong><\/p>\n<h3>Yoga Workshop: Selbstwahrnehmung<\/h3>\n<p>Den eigenen K\u00f6rper wahrzunehmen hei\u00dft auch, Grenzen zu sp\u00fcren und sich Erlaubnisse zu geben. In diesem Workshop nutzen wir Yoga, Atem und Bewegung, um den Leistungsgedanken etwas loszulassen und mehr dem eigenen Empfinden zu folgen.<\/p>\n<p class=\"isSelectedEnd\"><strong>Leitung:<\/strong> Dipali Bagga<br \/>\n<strong>Deine Investition:<\/strong> 50\u20ac p.P<\/p>\n<p><strong data-start=\"607\" data-end=\"643\">Eine Anmeldung ist erforderlich.<\/strong><br data-start=\"643\" data-end=\"646\" \/><strong data-start=\"649\" data-end=\"667\">Anmeldung bei:<\/strong> Dipali Bagga<br data-start=\"680\" data-end=\"683\" \/>E Mail:<span style=\"text-decoration: underline;\"><span style=\"color: #993366; text-decoration: underline;\"> <a class=\"decorated-link\" style=\"color: #993366; text-decoration: underline;\" href=\"mailto:info@dipali.de\" rel=\"noopener\" data-start=\"694\" data-end=\"708\" data-is-only-node=\"\">info@dipali.de<\/a> <\/span><\/span>\u00b7 Tel: <span style=\"text-decoration: underline;\"><span style=\"color: #993366;\"><a style=\"color: #993366; text-decoration: underline;\" href=\"tel:+4917680555220\">0176 8055220<\/a><\/span><\/span><br \/>\n[\/et_pb_text][\/et_pb_column][\/et_pb_row][et_pb_row column_structure=&#8220;1_4,3_4&#8243; _builder_version=&#8220;4.27.8&#8243; _module_preset=&#8220;default&#8220; global_colors_info=&#8220;{}&#8220;][et_pb_column type=&#8220;1_4&#8243; _builder_version=&#8220;4.27.8&#8243; _module_preset=&#8220;default&#8220; global_colors_info=&#8220;{}&#8220;][et_pb_image src=&#8220;https:\/\/hommage-institut.de\/wp-content\/uploads\/2026\/08\/Sebastian-sitzend-2-150&#215;150.jpg&#8220; alt=&#8220;Sebastian Roock&#8220; title_text=&#8220;Sebastian sitzend-2&#8243; _builder_version=&#8220;4.27.8&#8243; _module_preset=&#8220;default&#8220; border_radii=&#8220;on|100px|100px|100px|100px&#8220; global_colors_info=&#8220;{}&#8220;][\/et_pb_image][\/et_pb_column][et_pb_column type=&#8220;3_4&#8243; _builder_version=&#8220;4.27.8&#8243; _module_preset=&#8220;default&#8220; global_colors_info=&#8220;{}&#8220;][et_pb_text _builder_version=&#8220;4.27.8&#8243; _module_preset=&#8220;default&#8220; text_font_size=&#8220;16px&#8220; text_line_height=&#8220;1.6em&#8220; header_3_text_color=&#8220;#00457A&#8220; global_colors_info=&#8220;{}&#8220;]<\/p>\n<p class=\"isSelectedEnd\"><strong>Dienstag, 22. September 2026 \u00b7 18.30 &#8211; ca. \u00a020.30 Uhr<\/strong><\/p>\n<h3>Kraftvoll in dem Arbeitsalltag<\/h3>\n<p>&#8222;Kennst DU das? DU wachst auf und dein erster Gedanke an diesem Morgen dreht sich wieder um deine Arbeit!&#8220; Eine Kombination aus Reflektion und einer gef\u00fchrten Meditation hilft dir,beruflichen Stress loszulassen, deine Gedanken zu beruhigen und bewusst und gelassen in den Tag zu starten. F\u00fcr DICH, wo die Arbeit mehr Raum einnimmt,als DIR gut tut.<\/p>\n<p class=\"isSelectedEnd\"><strong>Leitung:<\/strong><span style=\"text-decoration: underline; color: #993366;\"><a style=\"color: #993366; text-decoration: underline;\" href=\"https:\/\/www.starkerleben.de\" target=\"_blank\" rel=\"noopener nofollow\"> Sebastian Roock<\/a><\/span><\/p>\n<p class=\"isSelectedEnd\"><strong>Deine Investition:<\/strong> Auf Spenden Basis<\/p>\n<p><strong data-start=\"607\" data-end=\"643\">Eine Anmeldung ist erforderlich.<\/strong><br data-start=\"643\" data-end=\"646\" \/><strong data-start=\"649\" data-end=\"667\">Anmeldung bei:<\/strong> Sebastian Roock<br data-start=\"680\" data-end=\"683\" \/>E Mail:<span style=\"text-decoration: underline;\"><span style=\"color: #993366; text-decoration: underline;\"> <a class=\"decorated-link\" style=\"color: #993366; text-decoration: underline;\" href=\"mailto:roock75@gmx.de\" target=\"_blank\" rel=\"noopener\" data-start=\"694\" data-end=\"708\" data-is-only-node=\"\">roock75@gmx.de<\/a> <\/span><\/span>\u00b7 Tel: <a href=\"tel:+491732545194\" target=\"_blank\" rel=\"noopener\"><span style=\"text-decoration: underline;\"><span style=\"color: #993366;\">0173-2545194<\/span><\/span><\/a><br \/>\n[\/et_pb_text][\/et_pb_column][\/et_pb_row][et_pb_row column_structure=&#8220;1_4,3_4&#8243; _builder_version=&#8220;4.27.8&#8243; _module_preset=&#8220;default&#8220; global_colors_info=&#8220;{}&#8220;][et_pb_column type=&#8220;1_4&#8243; _builder_version=&#8220;4.27.8&#8243; _module_preset=&#8220;default&#8220; global_colors_info=&#8220;{}&#8220;][et_pb_image src=&#8220;https:\/\/hommage-institut.de\/wp-content\/uploads\/2026\/08\/Bildschirmfoto-2022-10-06-um-07.07.50-150&#215;150-1-150&#215;150.webp&#8220; alt=&#8220;Christoph M\u00fcller&#8220; title_text=&#8220;Christoph M\u00fcller&#8220; _builder_version=&#8220;4.27.8&#8243; _module_preset=&#8220;default&#8220; border_radii=&#8220;on|100px|100px|100px|100px&#8220; global_colors_info=&#8220;{}&#8220;][\/et_pb_image][\/et_pb_column][et_pb_column type=&#8220;3_4&#8243; _builder_version=&#8220;4.27.8&#8243; _module_preset=&#8220;default&#8220; global_colors_info=&#8220;{}&#8220;][et_pb_text _builder_version=&#8220;4.27.8&#8243; _module_preset=&#8220;default&#8220; text_font_size=&#8220;16px&#8220; text_line_height=&#8220;1.6em&#8220; header_3_text_color=&#8220;#00457A&#8220; global_colors_info=&#8220;{}&#8220;]<\/p>\n<p class=\"isSelectedEnd\"><strong>Dienstag, 06. Oktober 2026 \u00b7 18.30 &#8211; ca. \u00a020.30 Uhr<\/strong><\/p>\n<h3>Familie: Von der Baustelle zum Kunstwerk<\/h3>\n<p>Ein gelingendes Familienleben stellt mit all den \u00a0Alltagsanforderungen, Paar-Themen, Kindern, Beruf usw. eine komplexe Herausforderung dar. Wir haben das nirgends gelernt, geben unser Bestes, und dennoch f\u00fchlt es sich manchmal wie ein dauerhaftes Leben auf einer Baustelle an.<\/p>\n<p>Was gibt es f\u00fcr M\u00f6glichkeiten, eine bessere \u00d6konomie f\u00fcr unser Familienleben zu finden, die uns mehr n\u00e4hrt als in die \u00dcberforderung zu bringen? Familientherapeutische Ideen sind nicht f\u00fcr den Moment, in dem es fast zu sp\u00e4t ist. Je fr\u00fcher wir sie nutzen, umso besser k\u00f6nnen wir Familie bewahren, heilen und zu einem Kunstwerk werden lassen.<\/p>\n<p class=\"isSelectedEnd\"><strong>Leitung: <\/strong><span style=\"text-decoration: underline; color: #993366;\"><a style=\"color: #993366; text-decoration: underline;\" href=\"https:\/\/hommage-institut.de\/psychologischepraxis\/praxis-cm-systemischefamilientherapie\" target=\"_blank\" rel=\"noopener\">Christoph M\u00fcller<\/a><\/span><\/p>\n<p class=\"isSelectedEnd\"><strong>Deine Investition:<\/strong> Auf Spenden Basis<\/p>\n<p><strong data-start=\"607\" data-end=\"643\">Eine Anmeldung ist erforderlich.<\/strong><br data-start=\"643\" data-end=\"646\" \/><strong data-start=\"649\" data-end=\"667\">Anmeldung bei:<\/strong> Christoph M\u00fcller<br data-start=\"680\" data-end=\"683\" \/>E Mail:<span style=\"text-decoration: underline;\"><span style=\"color: #993366; text-decoration: underline;\"> <a class=\"decorated-link\" style=\"color: #993366; text-decoration: underline;\" href=\"mailto:c.mueller@hommage-institut.de\" data-start=\"694\" data-end=\"708\" data-is-only-node=\"\">c.mueller@homaage-institut.de<\/a> <\/span><\/span>\u00b7 Tel: <span style=\"text-decoration: underline;\"><span style=\"color: #993366; text-decoration: underline;\"><a style=\"color: #993366; text-decoration: underline;\" href=\"tel:+4917666628866\" target=\"_blank\" rel=\"noopener\">0176-66628866<\/a><\/span><\/span><br \/>\n[\/et_pb_text][\/et_pb_column][\/et_pb_row][\/et_pb_section][et_pb_section fb_built=&#8220;1&#8243; disabled_on=&#8220;on|off|off&#8220; _builder_version=&#8220;4.27.8&#8243; _module_preset=&#8220;default&#8220; box_shadow_style=&#8220;preset1&#8243; global_colors_info=&#8220;{}&#8220;][et_pb_row _builder_version=&#8220;4.27.8&#8243; _module_preset=&#8220;default&#8220; custom_margin=&#8220;60px||||false|false&#8220; global_colors_info=&#8220;{}&#8220;][et_pb_column type=&#8220;4_4&#8243; _builder_version=&#8220;4.27.8&#8243; _module_preset=&#8220;default&#8220; global_colors_info=&#8220;{}&#8220;][et_pb_text _builder_version=&#8220;4.27.8&#8243; _module_preset=&#8220;default&#8220; header_3_text_align=&#8220;center&#8220; header_3_text_color=&#8220;#474747&#8243; header_3_font_size=&#8220;30px&#8220; global_colors_info=&#8220;{}&#8220;]<\/p>\n<h3>Leitung &#8211; Hommage-Institut:<\/h3>\n<p>[\/et_pb_text][\/et_pb_column][\/et_pb_row][et_pb_row column_structure=&#8220;1_2,1_2&#8243; _builder_version=&#8220;4.27.4&#8243; _module_preset=&#8220;default&#8220; global_colors_info=&#8220;{}&#8220;][et_pb_column type=&#8220;1_2&#8243; _builder_version=&#8220;4.27.4&#8243; _module_preset=&#8220;default&#8220; global_colors_info=&#8220;{}&#8220;][et_pb_image src=&#8220;https:\/\/hommage-institut.de\/wp-content\/uploads\/2026\/08\/Dipali_purple-dress-150&#215;150.jpg&#8220; alt=&#8220;Dipali Bagga &#8211; trauma sensible K\u00f6rpertherapeutin&#8220; title_text=&#8220;Dipali_purple dress&#8220; url=&#8220;https:\/\/hommage-institut.de\/psychologischepraxis\/koerpertherapie-psychosomatik&#8220; align=&#8220;center&#8220; _builder_version=&#8220;4.27.8&#8243; _module_preset=&#8220;default&#8220; width=&#8220;68%&#8220; border_radii=&#8220;on|100px|100px|100px|100px&#8220; global_colors_info=&#8220;{}&#8220;][\/et_pb_image][\/et_pb_column][et_pb_column type=&#8220;1_2&#8243; _builder_version=&#8220;4.27.4&#8243; _module_preset=&#8220;default&#8220; global_colors_info=&#8220;{}&#8220;][et_pb_image src=&#8220;https:\/\/hommage-institut.de\/wp-content\/uploads\/2026\/08\/Bildschirmfoto-2022-10-06-um-07.07.50-150&#215;150-1-150&#215;150.webp&#8220; alt=&#8220;Christoph M\u00fcller &#8211; Systemischer Familientherapeut&#8220; title_text=&#8220;Bildschirmfoto-2022-10-06-um-07.07.50-150&#215;150-1&#8243; url=&#8220;https:\/\/hommage-institut.de\/psychologischepraxis\/praxis-cm-systemischefamilientherapie&#8220; align=&#8220;center&#8220; src_tablet=&#8220;https:\/\/hommage-institut.de\/wp-content\/uploads\/2026\/07\/da0efbb4-e4e3-49ba-82ac-ca1b5f824c2b-150&#215;150-1.png&#8220; src_phone=&#8220;https:\/\/hommage-institut.de\/wp-content\/uploads\/2026\/07\/da0efbb4-e4e3-49ba-82ac-ca1b5f824c2b-150&#215;150-1.png&#8220; src_last_edited=&#8220;on|tablet&#8220; disabled_on=&#8220;off|on|off&#8220; _builder_version=&#8220;4.27.8&#8243; _module_preset=&#8220;default&#8220; width=&#8220;52%&#8220; max_width=&#8220;79%&#8220; border_radii=&#8220;on|100px|100px|100px|100px&#8220; box_shadow_style=&#8220;preset1&#8243; box_shadow_color=&#8220;#B3B3B3&#8243; global_colors_info=&#8220;{}&#8220;][\/et_pb_image][\/et_pb_column][\/et_pb_row][et_pb_row column_structure=&#8220;1_2,1_2&#8243; _builder_version=&#8220;4.27.4&#8243; _module_preset=&#8220;default&#8220; global_colors_info=&#8220;{}&#8220;][et_pb_column type=&#8220;1_2&#8243; _builder_version=&#8220;4.27.4&#8243; _module_preset=&#8220;default&#8220; global_colors_info=&#8220;{}&#8220;][et_pb_text _builder_version=&#8220;4.27.8&#8243; _module_preset=&#8220;default&#8220; text_font=&#8220;&#8211;et_global_body_font||||||||&#8220; text_text_color=&#8220;#6B6B6B&#8220; text_font_size=&#8220;17px&#8220; text_line_height=&#8220;1.6em&#8220; header_font_size=&#8220;28px&#8220; header_2_font=&#8220;&#8211;et_global_heading_font|300|||||||&#8220; header_2_text_color=&#8220;#00457A&#8220; header_2_font_size=&#8220;18px&#8220; header_2_line_height=&#8220;1.2em&#8220; header_3_font=&#8220;&#8211;et_global_heading_font|300|||||||&#8220; header_3_text_color=&#8220;#0F5175&#8243; header_3_line_height=&#8220;1.2em&#8220; text_orientation=&#8220;center&#8220; width=&#8220;100%&#8220; max_width=&#8220;100%&#8220; link_option_url=&#8220;https:\/\/hommage-institut.de\/psychologischepraxis\/koerpertherapie-psychosomatik&#8220; global_colors_info=&#8220;{}&#8220;]<\/p>\n<h3 style=\"text-align: center;\"><\/h3>\n<h3 style=\"text-align: center;\">dipali bagga<\/h3>\n<p style=\"text-align: center;\">praxis f\u00fcr traumasensible k\u00f6rpertherapie<\/p>\n<p style=\"text-align: center;\"><span>k\u00f6rpertherapie bei fr\u00fchen und komplexen traumafolgen, erwachsenen ADHS sowie zur psychischen begleitung bei schweren k\u00f6rperlichen erkrankungen.<\/span><\/p>\n<p>&nbsp;<\/p>\n<p>[\/et_pb_text][et_pb_button button_url=&#8220;https:\/\/dipali.de&#8220; button_text=&#8220;mehr erfahren&#8220; button_alignment=&#8220;center&#8220; _builder_version=&#8220;4.27.4&#8243; _module_preset=&#8220;default&#8220; custom_button=&#8220;on&#8220; button_text_size=&#8220;16px&#8220; button_text_color=&#8220;#FFFFFF&#8220; button_bg_color=&#8220;#00457A&#8220; button_border_radius=&#8220;5px&#8220; button_icon=&#8220;&#x39;||divi||400&#8243; button_icon_color=&#8220;#FFFFFF&#8220; global_colors_info=&#8220;{}&#8220;][\/et_pb_button][\/et_pb_column][et_pb_column type=&#8220;1_2&#8243; _builder_version=&#8220;4.27.4&#8243; _module_preset=&#8220;default&#8220; global_colors_info=&#8220;{}&#8220;][et_pb_text _builder_version=&#8220;4.27.4&#8243; _module_preset=&#8220;default&#8220; text_text_color=&#8220;#6B6B6B&#8220; text_font_size=&#8220;17px&#8220; text_line_height=&#8220;1.6em&#8220; header_font=&#8220;&#8211;et_global_heading_font|300|||||||&#8220; header_3_font=&#8220;&#8211;et_global_heading_font|300|||||||&#8220; header_3_text_color=&#8220;#0F5175&#8243; header_3_line_height=&#8220;1.3em&#8220; text_orientation=&#8220;center&#8220; link_option_url=&#8220;https:\/\/hommage-institut.de\/psychologischepraxis\/praxis-cm-systemischefamilientherapie&#8220; global_colors_info=&#8220;{}&#8220;]<\/p>\n<h3 style=\"text-align: center;\"><\/h3>\n<h3 style=\"text-align: center;\">christoph m\u00fcller<\/h3>\n<p style=\"text-align: center;\">systemischer familientherapeut<\/p>\n<p style=\"text-align: center;\">einzeltherapie &#8211; paartherapie<\/p>\n<h3 style=\"text-align: center;\"><\/h3>\n<p>[\/et_pb_text][et_pb_button button_url=&#8220;https:\/\/hommage-institut.de\/psychologischepraxis\/praxis-cm-systemischefamilientherapie&#8220; button_text=&#8220;mehr erfahren&#8220; button_alignment=&#8220;center&#8220; _builder_version=&#8220;4.27.4&#8243; _module_preset=&#8220;default&#8220; custom_button=&#8220;on&#8220; button_text_size=&#8220;16px&#8220; button_text_color=&#8220;#FFFFFF&#8220; button_bg_color=&#8220;#0F5175&#8243; button_border_radius=&#8220;5px&#8220; button_icon=&#8220;&#x39;||divi||400&#8243; button_icon_color=&#8220;#FFFFFF&#8220; custom_margin=&#8220;80px||||false|false&#8220; global_colors_info=&#8220;{}&#8220;][\/et_pb_button][\/et_pb_column][\/et_pb_row][\/et_pb_section][et_pb_section fb_built=&#8220;1&#8243; _builder_version=&#8220;4.27.8&#8243; _module_preset=&#8220;default&#8220; global_colors_info=&#8220;{}&#8220;][et_pb_row _builder_version=&#8220;4.27.8&#8243; _module_preset=&#8220;default&#8220; global_colors_info=&#8220;{}&#8220;][et_pb_column type=&#8220;4_4&#8243; _builder_version=&#8220;4.27.8&#8243; _module_preset=&#8220;default&#8220; global_colors_info=&#8220;{}&#8220;][et_pb_text _builder_version=&#8220;4.27.8&#8243; _module_preset=&#8220;default&#8220; header_3_text_align=&#8220;center&#8220; header_3_text_color=&#8220;#474747&#8243; header_3_font_size=&#8220;30px&#8220; global_colors_info=&#8220;{}&#8220;]<\/p>\n<h3>Referent:innen<\/h3>\n<p>[\/et_pb_text][\/et_pb_column][\/et_pb_row][et_pb_row column_structure=&#8220;1_3,1_3,1_3&#8243; _builder_version=&#8220;4.27.8&#8243; _module_preset=&#8220;default&#8220; global_colors_info=&#8220;{}&#8220;][et_pb_column type=&#8220;1_3&#8243; _builder_version=&#8220;4.27.8&#8243; _module_preset=&#8220;default&#8220; global_colors_info=&#8220;{}&#8220;][et_pb_image src=&#8220;https:\/\/hommage-institut.de\/wp-content\/uploads\/2026\/08\/Claudia-ahl-2-150&#215;150.jpg&#8220; alt=&#8220;Claudia Ahl&#8220; title_text=&#8220;Claudia ahl-2&#8243; _builder_version=&#8220;4.27.8&#8243; _module_preset=&#8220;default&#8220; global_colors_info=&#8220;{}&#8220;][\/et_pb_image][\/et_pb_column][et_pb_column type=&#8220;1_3&#8243; _builder_version=&#8220;4.27.8&#8243; _module_preset=&#8220;default&#8220; global_colors_info=&#8220;{}&#8220;][et_pb_image src=&#8220;https:\/\/hommage-institut.de\/wp-content\/uploads\/2026\/08\/Sebastian-sitzend-2-150&#215;150.jpg&#8220; alt=&#8220;Sebastian Roock&#8220; title_text=&#8220;Sebastian sitzend-2&#8243; _builder_version=&#8220;4.27.8&#8243; _module_preset=&#8220;default&#8220; global_colors_info=&#8220;{}&#8220;][\/et_pb_image][\/et_pb_column][et_pb_column type=&#8220;1_3&#8243; _builder_version=&#8220;4.27.8&#8243; _module_preset=&#8220;default&#8220; global_colors_info=&#8220;{}&#8220;][et_pb_image src=&#8220;https:\/\/hommage-institut.de\/wp-content\/uploads\/2026\/08\/WhatsApp-Image-2025-11-16-at-22.41.01-150&#215;150.jpeg&#8220; title_text=&#8220;WhatsApp Image 2025-11-16 at 22.41.01&#8243; _builder_version=&#8220;4.27.8&#8243; _module_preset=&#8220;default&#8220; global_colors_info=&#8220;{}&#8220;][\/et_pb_image][\/et_pb_column][\/et_pb_row][et_pb_row column_structure=&#8220;1_3,1_3,1_3&#8243; _builder_version=&#8220;4.27.8&#8243; _module_preset=&#8220;default&#8220; global_colors_info=&#8220;{}&#8220;][et_pb_column type=&#8220;1_3&#8243; _builder_version=&#8220;4.27.8&#8243; _module_preset=&#8220;default&#8220; global_colors_info=&#8220;{}&#8220;][et_pb_text _builder_version=&#8220;4.27.8&#8243; _module_preset=&#8220;default&#8220; global_colors_info=&#8220;{}&#8220;]Claudia Ahl<\/p>\n<p><span style=\"text-decoration: underline;\"><span style=\"color: #993366;\"><a style=\"color: #993366; text-decoration: underline;\" href=\"https:\/\/flowundfokus.de\">flowundfokus.de<\/a><\/span><\/span><br \/>\n[\/et_pb_text][\/et_pb_column][et_pb_column type=&#8220;1_3&#8243; _builder_version=&#8220;4.27.8&#8243; _module_preset=&#8220;default&#8220; global_colors_info=&#8220;{}&#8220;][et_pb_text _builder_version=&#8220;4.27.8&#8243; _module_preset=&#8220;default&#8220; global_colors_info=&#8220;{}&#8220;]Sebastian Roock<\/p>\n<p><span style=\"text-decoration: underline;\"><span style=\"color: #993366;\"><a rel=\"nofollow\" style=\"color: #993366; text-decoration: underline;\" href=\"https:\/\/www.starkerleben.de\">Life Trust Coach<\/a><\/span><\/span><br \/>\n[\/et_pb_text][\/et_pb_column][et_pb_column type=&#8220;1_3&#8243; _builder_version=&#8220;4.27.8&#8243; _module_preset=&#8220;default&#8220; global_colors_info=&#8220;{}&#8220;][et_pb_text _builder_version=&#8220;4.27.8&#8243; _module_preset=&#8220;default&#8220; global_colors_info=&#8220;{}&#8220;]Sandra Gruenewald<\/p>\n<p><span style=\"text-decoration: underline;\"><span style=\"color: #993366;\"><a rel=\"nofollow\" style=\"color: #993366; text-decoration: underline;\" href=\"https:\/\/www.starkerleben.de\">Psychoonkologische Beratung<\/a><\/span><\/span><br \/>\n[\/et_pb_text][\/et_pb_column][\/et_pb_row][\/et_pb_section][et_pb_section fb_built=&#8220;1&#8243; admin_label=&#8220;Newsletter Section&#8220; _builder_version=&#8220;4.27.8&#8243; background_color=&#8220;#FFFFFF&#8220; custom_padding=&#8220;120px||120px|&#8220; global_colors_info=&#8220;{}&#8220;][et_pb_row _builder_version=&#8220;4.27.4&#8243; _module_preset=&#8220;default&#8220; global_colors_info=&#8220;{}&#8220;][et_pb_column type=&#8220;4_4&#8243; _builder_version=&#8220;4.27.4&#8243; _module_preset=&#8220;default&#8220; global_colors_info=&#8220;{}&#8220;][et_pb_text _builder_version=&#8220;4.27.8&#8243; _module_preset=&#8220;default&#8220; text_font=&#8220;&#8211;et_global_body_font||||||||&#8220; text_text_color=&#8220;#242424&#8243; text_font_size=&#8220;22px&#8220; global_colors_info=&#8220;{}&#8220;]<\/p>\n<p style=\"text-align: center;\">Verpasse keine Veranstaltung. Immer informiert sein \u00fcber Neuigkeiten und \u00c4nderungen<\/p>\n<p>[\/et_pb_text][et_pb_button button_url=&#8220;https:\/\/docs.dipali-bagga.de\/widget\/form\/aJrSmjCvXirvSB7gAlqI&#8220; url_new_window=&#8220;on&#8220; button_text=&#8220;Ja, ich will informiert bleiben&#8220; button_alignment=&#8220;center&#8220; _builder_version=&#8220;4.27.8&#8243; _module_preset=&#8220;default&#8220; custom_button=&#8220;on&#8220; button_text_size=&#8220;18px&#8220; button_text_color=&#8220;#FFFFFF&#8220; button_bg_color=&#8220;#651906&#8243; button_border_width=&#8220;1px&#8220; button_border_color=&#8220;#E09900&#8243; button_border_radius=&#8220;5px&#8220; global_colors_info=&#8220;{}&#8220;][\/et_pb_button][\/et_pb_column][\/et_pb_row][et_pb_row _builder_version=&#8220;4.27.8&#8243; _module_preset=&#8220;default&#8220; global_colors_info=&#8220;{}&#8220;][et_pb_column type=&#8220;4_4&#8243; _builder_version=&#8220;4.27.8&#8243; _module_preset=&#8220;default&#8220; global_colors_info=&#8220;{}&#8220;][et_pb_divider color=&#8220;#4F4F4F&#8220; divider_weight=&#8220;2px&#8220; _builder_version=&#8220;4.27.8&#8243; _module_preset=&#8220;default&#8220; width=&#8220;66%&#8220; module_alignment=&#8220;center&#8220; global_colors_info=&#8220;{}&#8220;][\/et_pb_divider][\/et_pb_column][\/et_pb_row][\/et_pb_section][et_pb_section fb_built=&#8220;1&#8243; admin_label=&#8220;Footer Section&#8220; _builder_version=&#8220;4.27.8&#8243; background_color=&#8220;#474747&#8243; min_height=&#8220;384.7px&#8220; custom_padding=&#8220;90px||90px|&#8220; global_colors_info=&#8220;{}&#8220;][et_pb_row column_structure=&#8220;1_4,1_4,1_4,1_4&#8243; admin_label=&#8220;Footer Area&#8220; _builder_version=&#8220;4.16&#8243; global_colors_info=&#8220;{}&#8220;][et_pb_column type=&#8220;1_4&#8243; _builder_version=&#8220;4.16&#8243; custom_padding=&#8220;|||&#8220; global_colors_info=&#8220;{}&#8220; custom_padding__hover=&#8220;|||&#8220;][et_pb_text ul_type=&#8220;none&#8220; admin_label=&#8220;Title&#8220; _builder_version=&#8220;4.27.4&#8243; text_font=&#8220;Poppins||||||||&#8220; text_text_color=&#8220;rgba(255,255,255,0.7)&#8220; text_font_size=&#8220;16px&#8220; text_line_height=&#8220;1.8em&#8220; ul_font=&#8220;Poppins||||||||&#8220; ul_text_align=&#8220;center&#8220; header_font=&#8220;||||||||&#8220; header_2_font=&#8220;Poppins||||||||&#8220; header_2_text_align=&#8220;center&#8220; header_2_font_size=&#8220;24px&#8220; header_2_line_height=&#8220;1.4em&#8220; text_orientation=&#8220;center&#8220; background_layout=&#8220;dark&#8220; custom_margin=&#8220;||15px|&#8220; custom_padding=&#8220;|||&#8220; animation_style=&#8220;fade&#8220; global_colors_info=&#8220;{}&#8220;]<\/p>\n<h2>adresse<\/h2>\n<p>Kleine Wust 2<\/p>\n<p>67280 Quirnheim<\/p>\n<p>mail institut: <span style=\"color: #ff9900;\"><a style=\"color: #ff9900;\" href=\"mailto:info@hommage-institut.de\">info@hommage-institut.de<\/a><\/span><br \/>\n[\/et_pb_text][\/et_pb_column][et_pb_column type=&#8220;1_4&#8243; _builder_version=&#8220;4.16&#8243; custom_padding=&#8220;|||&#8220; global_colors_info=&#8220;{}&#8220; custom_padding__hover=&#8220;|||&#8220;][et_pb_text ul_type=&#8220;none&#8220; content_tablet=&#8220;&#8220; content_phone=&#8220;&#8220; content_last_edited=&#8220;on|phone&#8220; disabled_on=&#8220;on|off|off&#8220; admin_label=&#8220;Title&#8220; _builder_version=&#8220;4.27.4&#8243; text_font=&#8220;Poppins||||||||&#8220; text_text_color=&#8220;rgba(255,255,255,0.7)&#8220; text_font_size=&#8220;16px&#8220; text_line_height=&#8220;1.8em&#8220; ul_font=&#8220;Poppins||||||||&#8220; ul_text_align=&#8220;center&#8220; header_font=&#8220;||||||||&#8220; header_2_font=&#8220;Poppins||||||||&#8220; header_2_text_align=&#8220;center&#8220; header_2_font_size=&#8220;24px&#8220; header_2_line_height=&#8220;1.4em&#8220; text_orientation=&#8220;center&#8220; background_layout=&#8220;dark&#8220; custom_margin=&#8220;||15px|&#8220; custom_padding=&#8220;|||&#8220; animation_style=&#8220;fade&#8220; global_colors_info=&#8220;{}&#8220;]<\/p>\n<h2 style=\"text-align: left;\">\u00a0 \u00a0 \u00a0 \u00a0 \u00a0 \u00a0 email<\/h2>\n<p style=\"text-align: center;\">dipali : \u00a0 \u00a0<span style=\"color: #ff9900;\">\u00a0<a style=\"color: #ff9900;\" href=\"mailto:dipali@hommage-institut.de\" target=\"_blank\" rel=\"noopener\">dipali@hommage-institut.de<\/a><\/span><\/p>\n<p style=\"text-align: center;\">christoph : <span style=\"color: #ff9900;\"><a style=\"color: #ff9900;\" href=\"mailto:c.mueller@hommage-institut.de\" target=\"_blank\" rel=\"noopener\">c.mueller@hommage-institut.de<\/a><\/span><\/p>\n<p>[\/et_pb_text][et_pb_text ul_type=&#8220;none&#8220; content_tablet=&#8220;&#8220; content_phone=&#8220;&#8220; content_last_edited=&#8220;on|phone&#8220; disabled_on=&#8220;off|on|on&#8220; admin_label=&#8220;Title&#8220; _builder_version=&#8220;4.27.4&#8243; text_font=&#8220;Poppins||||||||&#8220; text_text_color=&#8220;rgba(255,255,255,0.7)&#8220; text_font_size=&#8220;16px&#8220; text_line_height=&#8220;1.8em&#8220; ul_font=&#8220;Poppins||||||||&#8220; ul_text_align=&#8220;center&#8220; header_font=&#8220;||||||||&#8220; header_2_font=&#8220;Poppins||||||||&#8220; header_2_text_align=&#8220;center&#8220; header_2_font_size=&#8220;24px&#8220; header_2_line_height=&#8220;1.4em&#8220; text_orientation=&#8220;center&#8220; background_layout=&#8220;dark&#8220; custom_margin=&#8220;||15px|&#8220; custom_padding=&#8220;|||&#8220; animation_style=&#8220;fade&#8220; global_colors_info=&#8220;{}&#8220;]<\/p>\n<h2 style=\"text-align: left;\">\u00a0 \u00a0 \u00a0 \u00a0 \u00a0 \u00a0 email<\/h2>\n<p style=\"text-align: center;\">dipali : \u00a0 \u00a0<span style=\"color: #ff9900;\">\u00a0<a style=\"color: #ff9900;\" href=\"mailto:dipali@hommage-institut.de\" target=\"_blank\" rel=\"noopener\">dipali@hommage-institut.de<\/a><\/span><\/p>\n<p style=\"text-align: center;\">christoph : <span style=\"color: #ff9900;\"><a style=\"color: #ff9900;\" href=\"mailto:c.mueller@hommage-institut.de\" target=\"_blank\" rel=\"noopener\">c.mueller@hommage-institut.de<\/a><\/span><\/p>\n<p>[\/et_pb_text][\/et_pb_column][et_pb_column type=&#8220;1_4&#8243; _builder_version=&#8220;4.16&#8243; custom_padding=&#8220;|||&#8220; global_colors_info=&#8220;{}&#8220; custom_padding__hover=&#8220;|||&#8220;][et_pb_text ul_type=&#8220;none&#8220; disabled_on=&#8220;on|off|off&#8220; admin_label=&#8220;Title&#8220; _builder_version=&#8220;4.27.8&#8243; text_font=&#8220;Poppins||||||||&#8220; text_text_color=&#8220;rgba(255,255,255,0.7)&#8220; text_font_size=&#8220;16px&#8220; text_line_height=&#8220;1.8em&#8220; ul_font=&#8220;Poppins||||||||&#8220; ul_text_align=&#8220;center&#8220; header_font=&#8220;||||||||&#8220; header_2_font=&#8220;Poppins||||||||&#8220; header_2_text_align=&#8220;center&#8220; header_2_font_size=&#8220;24px&#8220; header_2_line_height=&#8220;1.4em&#8220; text_orientation=&#8220;center&#8220; background_layout=&#8220;dark&#8220; custom_margin=&#8220;||15px|&#8220; custom_padding=&#8220;|||&#8220; animation_style=&#8220;fade&#8220; global_colors_info=&#8220;{}&#8220;]<\/p>\n<h2>\u00a0 telefon<\/h2>\n<p>dipali: 0176 80555220<\/p>\n<p>christoph 0176 66628866<\/p>\n<p>&nbsp;<\/p>\n<p style=\"text-align: center;\">[\/et_pb_text][et_pb_text ul_type=&#8220;none&#8220; disabled_on=&#8220;off|on|on&#8220; admin_label=&#8220;Title&#8220; _builder_version=&#8220;4.27.4&#8243; text_font=&#8220;Poppins||||||||&#8220; text_text_color=&#8220;rgba(255,255,255,0.7)&#8220; text_font_size=&#8220;16px&#8220; text_line_height=&#8220;1.8em&#8220; ul_font=&#8220;Poppins||||||||&#8220; ul_text_align=&#8220;center&#8220; header_font=&#8220;||||||||&#8220; header_2_font=&#8220;Poppins||||||||&#8220; header_2_text_align=&#8220;center&#8220; header_2_font_size=&#8220;24px&#8220; header_2_line_height=&#8220;1.4em&#8220; text_orientation=&#8220;center&#8220; background_layout=&#8220;dark&#8220; custom_margin=&#8220;||15px|&#8220; custom_padding=&#8220;|||&#8220; animation_style=&#8220;fade&#8220; global_colors_info=&#8220;{}&#8220;]<\/p>\n<h2>\u00a0 telefon<\/h2>\n<p>[\/et_pb_text][et_pb_text disabled_on=&#8220;off|on|on&#8220; _builder_version=&#8220;4.27.4&#8243; _module_preset=&#8220;default&#8220; text_font=&#8220;&#8211;et_global_body_font||||||||&#8220; text_text_color=&#8220;#FFFFFF&#8220; text_font_size=&#8220;17px&#8220; text_orientation=&#8220;center&#8220; background_layout=&#8220;dark&#8220; global_colors_info=&#8220;{}&#8220;]dipali<br \/>\n[\/et_pb_text][et_pb_button button_url=&#8220;tel:+4917684468311&#8243; button_text=&#8220; +49-176-80555220&#8243; button_alignment=&#8220;center&#8220; disabled_on=&#8220;off|on|on&#8220; _builder_version=&#8220;4.27.8&#8243; _module_preset=&#8220;default&#8220; custom_button=&#8220;on&#8220; button_text_size=&#8220;16px&#8220; button_text_color=&#8220;#E09900&#8243; button_border_width=&#8220;0px&#8220; background_layout=&#8220;dark&#8220; custom_margin=&#8220;-24px||||false|false&#8220; custom_padding=&#8220;0px||||false|false&#8220; global_colors_info=&#8220;{}&#8220;][\/et_pb_button][et_pb_text disabled_on=&#8220;off|on|on&#8220; _builder_version=&#8220;4.27.4&#8243; _module_preset=&#8220;default&#8220; text_font=&#8220;&#8211;et_global_body_font||||||||&#8220; text_text_color=&#8220;#FFFFFF&#8220; text_font_size=&#8220;17px&#8220; text_orientation=&#8220;center&#8220; background_layout=&#8220;dark&#8220; global_colors_info=&#8220;{}&#8220;]christoph<br \/>\n[\/et_pb_text][et_pb_button button_url=&#8220;tel:+4917666628866&#8243; button_text=&#8220; +49-176-66628866&#8243; button_alignment=&#8220;center&#8220; disabled_on=&#8220;off|on|on&#8220; _builder_version=&#8220;4.27.4&#8243; _module_preset=&#8220;default&#8220; custom_button=&#8220;on&#8220; button_text_size=&#8220;16px&#8220; button_text_color=&#8220;#E09900&#8243; button_border_width=&#8220;0px&#8220; background_layout=&#8220;dark&#8220; custom_margin=&#8220;-24px||||false|false&#8220; global_colors_info=&#8220;{}&#8220;][\/et_pb_button][\/et_pb_column][et_pb_column type=&#8220;1_4&#8243; _builder_version=&#8220;4.27.4&#8243; _module_preset=&#8220;default&#8220; global_colors_info=&#8220;{}&#8220;][et_pb_text ul_type=&#8220;none&#8220; admin_label=&#8220;Title&#8220; _builder_version=&#8220;4.16&#8243; text_font=&#8220;Open Sans||||||||&#8220; text_text_color=&#8220;#FFFFFF&#8220; text_font_size=&#8220;24px&#8220; text_line_height=&#8220;1.8em&#8220; ul_font=&#8220;Poppins||||||||&#8220; ul_text_align=&#8220;center&#8220; header_font=&#8220;||||||||&#8220; header_2_font=&#8220;Open Sans||||||||&#8220; header_2_text_align=&#8220;center&#8220; header_2_font_size=&#8220;24px&#8220; header_2_line_height=&#8220;1.4em&#8220; text_orientation=&#8220;center&#8220; background_layout=&#8220;dark&#8220; custom_margin=&#8220;||15px|&#8220; custom_padding=&#8220;|||&#8220; animation_style=&#8220;fade&#8220; link_option_url=&#8220;http:\/\/hommage-institut.de\/wp-content\/uploads\/2022\/01\/Hommage-Impressum.pdf&#8220; global_colors_info=&#8220;{}&#8220;]<\/p>\n<h2>impressum<\/h2>\n<p>&nbsp;<br \/>\n[\/et_pb_text][et_pb_text _builder_version=&#8220;4.16&#8243; _module_preset=&#8220;default&#8220; text_text_color=&#8220;#FFFFFF&#8220; text_font_size=&#8220;23px&#8220; custom_margin=&#8220;-50px||||false|false&#8220; link_option_url=&#8220;http:\/\/hommage-institut.de\/wp-content\/uploads\/2022\/01\/Datenschutz-Hommage.pdf&#8220; global_colors_info=&#8220;{}&#8220;]<\/p>\n<p style=\"text-align: center;\">datenschutz<\/p>\n<p>[\/et_pb_text][\/et_pb_column][\/et_pb_row][\/et_pb_section][et_pb_section fb_built=&#8220;1&#8243; admin_label=&#8220;Divider Section&#8220; _builder_version=&#8220;4.16&#8243; background_color=&#8220;#1e1d1c&#8220; custom_padding=&#8220;0px||0px|&#8220; global_colors_info=&#8220;{}&#8220;][et_pb_row admin_label=&#8220;Divider Area&#8220; _builder_version=&#8220;4.16&#8243; custom_padding=&#8220;0px||0px|&#8220; global_colors_info=&#8220;{}&#8220;][et_pb_column type=&#8220;4_4&#8243; _builder_version=&#8220;4.16&#8243; custom_padding=&#8220;|||&#8220; global_colors_info=&#8220;{}&#8220; custom_padding__hover=&#8220;|||&#8220;][et_pb_divider color=&#8220;rgba(255,255,255,0.12)&#8220; divider_position=&#8220;center&#8220; _builder_version=&#8220;4.16&#8243; global_colors_info=&#8220;{}&#8220;][\/et_pb_divider][\/et_pb_column][\/et_pb_row][\/et_pb_section]<\/p>\n","protected":false},"excerpt":{"rendered":"<p>Psychologische Praxis \u00b7 Systemische Familientherapie \u00b7 Traumasensible K\u00f6rpertherapie \u00a0Paartherapie \u00b7 Selbsterfahrungsgruppen \u00b7 Aus-und-Weiterbildungen Vortr\u00e4ge Workshops und mehr: Im Hommage-Institut gibt es ab jetzt regelm\u00e4\u00dfig Veranstaltungen rund um Gesundheit, Wohlbefinden und pers\u00f6nliche Entwicklung. Wir bieten Dir unterschiedliche Angebote: Vortr\u00e4ge, Workshops, Mitmach-Abende zum Zuh\u00f6ren, praktischen Ausprobieren und Erleben. Wer sind wir? Christoph M\u00fcller (systemischer Familientherapeut) und Dipali [&hellip;]<\/p>\n","protected":false},"author":1,"featured_media":0,"parent":0,"menu_order":0,"comment_status":"closed","ping_status":"closed","template":"","meta":{"_et_pb_use_builder":"on","_et_pb_old_content":"","_et_gb_content_width":"","footnotes":""},"class_list":["post-6538","page","type-page","status-publish","hentry"],"_links":{"self":[{"href":"https:\/\/hommage-institut.de\/psychologischepraxis\/wp-json\/wp\/v2\/pages\/6538","targetHints":{"allow":["GET"]}}],"collection":[{"href":"https:\/\/hommage-institut.de\/psychologischepraxis\/wp-json\/wp\/v2\/pages"}],"about":[{"href":"https:\/\/hommage-institut.de\/psychologischepraxis\/wp-json\/wp\/v2\/types\/page"}],"author":[{"embeddable":true,"href":"https:\/\/hommage-institut.de\/psychologischepraxis\/wp-json\/wp\/v2\/users\/1"}],"replies":[{"embeddable":true,"href":"https:\/\/hommage-institut.de\/psychologischepraxis\/wp-json\/wp\/v2\/comments?post=6538"}],"version-history":[{"count":65,"href":"https:\/\/hommage-institut.de\/psychologischepraxis\/wp-json\/wp\/v2\/pages\/6538\/revisions"}],"predecessor-version":[{"id":6685,"href":"https:\/\/hommage-institut.de\/psychologischepraxis\/wp-json\/wp\/v2\/pages\/6538\/revisions\/6685"}],"wp:attachment":[{"href":"https:\/\/hommage-institut.de\/psychologischepraxis\/wp-json\/wp\/v2\/media?parent=6538"}],"curies":[{"name":"wp","href":"https:\/\/api.w.org\/{rel}","templated":true}]}}